{"id":372,"date":"2018-07-20T19:21:46","date_gmt":"2018-07-20T17:24:43","guid":{"rendered":"https:\/\/www.time361.com\/?post_type=product&#038;p=372"},"modified":"2019-02-11T19:36:14","modified_gmt":"2019-02-11T18:36:14","slug":"cervin-noyer-montagne-seule","status":"publish","type":"product","link":"https:\/\/www.time361.com\/fr\/produit\/cervin-noyer-montagne-seule\/","title":{"rendered":"Cervin &#8211; Noyer"},"content":{"rendered":"<p>\u25b2 4\u2019478 M \/ 14\u2019690 FT<br \/>\n\u25b2 45\u00b0\u00a058\u2032\u00a035\u2033\u00a0N &#8211; 7\u00b0\u00a039\u2032\u00a031\u2033\u00a0E<\/p>\n<p>R\u00e9plique du Cervin en bois de noyer, avec informations concernant la montagne grav\u00e9es au laser \u00e0 l\u2019avant et logo de la marque grav\u00e9 au dos de la r\u00e9plique, plus protection en velours sur la surface de pose.<\/p>\n<p><!--more--><\/p>\n<p>Dimensions (L x l x h) : 20 x 20 x 19 cm<br \/>\nPoids : 2,4 kg<\/p>\n<p>Le noyer appartient \u00e0 la famille des Juglandac\u00e9es. Il pousse \u00e0 des altitudes comprises entre 200 et 700 m, peut atteindre 30 m\u00e8tres de haut et vivre entre 120 et 150 ans, parfois m\u00eame jusqu&#8217;\u00e0 600 ans. C&#8217;est notamment le duramen, le c\u0153ur du bois qui est utilis\u00e9, puisque c&#8217;est l\u00e0 que l&#8217;on trouve ces fibres ondul\u00e9es et ces motifs particuliers qui caract\u00e9risent le noyer et que la structure du bois convient le mieux pour l&#8217;usinage des r\u00e9pliques des montagnes.<\/p>\n<p>Le bois d&#8217;origine suisse est usin\u00e9 pendant 4 heures, puis soigneusement poli et trait\u00e9 manuellement dans une menuiserie situ\u00e9e en Suisse. Une huile de protection du bois est appliqu\u00e9e sur les surfaces. Pour limiter l&#8217;apparition de fissures, nous utilisons, pour ce mod\u00e8le-ci, des planches de bois coll\u00e9es.<\/p>\n<p>Pour ce produit, l&#8217;ajout d&#8217;une gravure personnalis\u00e9e n&#8217;est malheureusement pas possible.<\/p>\n","protected":false},"excerpt":{"rendered":"<p>R\u00e9plique du Cervin en bois de noyer, avec informations concernant la montagne grav\u00e9es au laser, \u00e0 l\u2019avant de la r\u00e9plique et logo de la marque grav\u00e9 au dos et avec protection en velours sur la surface de pose. Sur demande, ajout d&#8217;une gravure personnalis\u00e9e au dos de la r\u00e9plique&#8230;.<\/p>\n<p><a class=\"button-black button alt\" href=\"https:\/\/www.time361.com\/fr\/produit\/cervin-noyer-montagne-seule\/\">Article ouvert<span class=\"fa fa-plus\"><\/span><\/a><\/p>\n","protected":false},"featured_media":986,"comment_status":"open","ping_status":"closed","template":"","meta":{"_acf_changed":false},"product_cat":[129],"product_tag":[78],"acf":[],"_links":{"self":[{"href":"https:\/\/www.time361.com\/fr\/wp-json\/wp\/v2\/product\/372"}],"collection":[{"href":"https:\/\/www.time361.com\/fr\/wp-json\/wp\/v2\/product"}],"about":[{"href":"https:\/\/www.time361.com\/fr\/wp-json\/wp\/v2\/types\/product"}],"replies":[{"embeddable":true,"href":"https:\/\/www.time361.com\/fr\/wp-json\/wp\/v2\/comments?post=372"}],"wp:featuredmedia":[{"embeddable":true,"href":"https:\/\/www.time361.com\/fr\/wp-json\/wp\/v2\/media\/986"}],"wp:attachment":[{"href":"https:\/\/www.time361.com\/fr\/wp-json\/wp\/v2\/media?parent=372"}],"wp:term":[{"taxonomy":"product_cat","embeddable":true,"href":"https:\/\/www.time361.com\/fr\/wp-json\/wp\/v2\/product_cat?post=372"},{"taxonomy":"product_tag","embeddable":true,"href":"https:\/\/www.time361.com\/fr\/wp-json\/wp\/v2\/product_tag?post=372"}],"curies":[{"name":"wp","href":"https:\/\/api.w.org\/{rel}","templated":true}]}}